{"id":3,"date":"2024-03-04T13:23:36","date_gmt":"2024-03-04T13:23:36","guid":{"rendered":"https:\/\/rockneck.fi\/?page_id=3"},"modified":"2024-03-13T14:02:51","modified_gmt":"2024-03-13T14:02:51","slug":"privacy-policy","status":"publish","type":"page","link":"https:\/\/rockneck.fi\/index.php\/privacy-policy\/","title":{"rendered":"Tietosuojaseloste"},"content":{"rendered":"\n<h2 class=\"wp-block-heading\">Keit\u00e4 olemme<\/h2>\n\n\n\n<p>Verkkosivustomme osoite on: https:\/\/rockneck.fi.<\/p>\n\n\n\n<p>Rekisterinpit\u00e4j\u00e4 on RockNeck Oy, Y: 3411663-4, Asemakatu 7, 40100 Jyv\u00e4skyl\u00e4.<\/p>\n\n\n\n<h2 class=\"wp-block-heading\">Mit\u00e4 henkil\u00f6tietoa ker\u00e4\u00e4mme ja miksi<\/h2>\n\n\n\n<p>Henkil\u00f6tietoja voimme ker\u00e4t\u00e4 yksityis- ja yhteis\u00f6asiakkailta asiakassuhteen hoitamiseen, tapahtumien j\u00e4rjest\u00e4miseen, markkinoinnin ja liiketoiminnan kehitt\u00e4miseen, v\u00e4\u00e4rink\u00e4yt\u00f6sten ehk\u00e4isyyn ja tutkimiseen sek\u00e4 muuhun toiminnan kannalta v\u00e4ltt\u00e4m\u00e4tt\u00f6m\u00e4\u00e4n tarkoitukseen tarvittavilta osin ja s\u00e4ilytt\u00e4\u00e4 tarvittavan ajan. Voimme ker\u00e4t\u00e4 tietoja:  itse luovutetut yksil\u00f6inti- ja yhteystiedot yhteydenoton, tilauksen ja muun asioinnin yhteydess\u00e4, asiointikieli, mahdolliset maksutiedot, luvat, suostumukset ja kiellot mahdollisesti my\u00f6s kolmannen osapuolen palvelujen osalta.<\/p>\n\n\n\n<p>Voimme ker\u00e4t\u00e4 my\u00f6s tietoa verkkosivujemme k\u00e4yt\u00f6st\u00e4, verkkosivuvierailuista ja k\u00e4ytt\u00f6laitteistojen teknisist\u00e4 ominaisuuksista.<\/p>\n\n\n\n<h2 class=\"wp-block-heading\">Ev\u00e4steet ja muilta sivuilta upotettu sis\u00e4lt\u00f6<\/h2>\n\n\n\n<p>T\u00e4m\u00e4n sivuston artikkelit voivat sis\u00e4lt\u00e4\u00e4 upotettua sis\u00e4lt\u00f6\u00e4 (esimerkiksi videoita, kuvia, artikkeleita jne.). Toisilta sivustoilta tuodun upotetun sis\u00e4ll\u00f6n avaaminen on verrattavissa siihen, ett\u00e4 vierailija itse k\u00e4visi kolmannen osapuolen sivustolla.<\/p>\n\n\n\n<p>N\u00e4m\u00e4 sivustot voivat ker\u00e4t\u00e4 tietoa sinusta, k\u00e4ytt\u00e4\u00e4 ev\u00e4steit\u00e4, upottaa kolmannen osapuolen seurantaev\u00e4steit\u00e4 ja monitoroida vuorovaikutustasi upotetun sis\u00e4ll\u00f6n kanssa, mukaan lukien vuorovaikutuksen seuranta jos ja kun olet kirjautunut k\u00e4ytt\u00e4j\u00e4n\u00e4 sivustolle. <\/p>\n\n\n\n<h2 class=\"wp-block-heading\">Mit\u00e4 oikeuksia sinulla on omaan tietoosi<\/h2>\n\n\n\n<p>K\u00e4ytt\u00e4j\u00e4ll\u00e4 on oikeus pyyt\u00e4\u00e4 h\u00e4nest\u00e4 ker\u00e4tyt tiedot, pyyt\u00e4\u00e4 rajoittamaan h\u00e4nest\u00e4 ker\u00e4tt\u00e4v\u00e4\u00e4 tietoa, pyyt\u00e4\u00e4 korjaamaan tai poistamaan tiedot, kielt\u00e4yty\u00e4 suoramarkkinoinnista ja est\u00e4\u00e4 sijaintitiedot. Rekisterinpit\u00e4j\u00e4 vastaa pyynt\u00f6ihin kohtuullisessa ja ajassa, ja poistaa k\u00e4ytt\u00e4j\u00e4n tiedot, mik\u00e4li t\u00e4lle ei ole lakis\u00e4\u00e4teist\u00e4 estett\u00e4.<\/p>\n\n\n\n<h2 class=\"wp-block-heading\">Kuinka kauan s\u00e4ilyt\u00e4mme tietoa<\/h2>\n\n\n\n<p>S\u00e4ilyt\u00e4mme henkil\u00f6tietoja asiakaspalvelun, tapahtumien ja tilausten toteuttamiseksi sek\u00e4 kirjanpito- ja raportointivelvollisuuksien t\u00e4ytt\u00e4miseksi m\u00e4\u00e4r\u00e4ysten vaatiman ajan.<\/p>\n\n\n\n<h2 class=\"wp-block-heading\">Henkil\u00f6tietojen s\u00e4ilytys ja luovutus<\/h2>\n\n\n\n<p>Rekisterinpit\u00e4j\u00e4 s\u00e4ilytt\u00e4\u00e4 henkil\u00f6tietoja tietoturvallisesti ja tietoihin on p\u00e4\u00e4sy vain nimetyill\u00e4 henkil\u00f6ill\u00e4. Henkil\u00f6tietoja s\u00e4ilytet\u00e4\u00e4n asiakaspalvelun, toiminnan ja raportointivelvollisuuksien vaatimusten mukainen aika ja m\u00e4\u00e4r\u00e4.<\/p>\n\n\n\n<p>Rekisterinpit\u00e4j\u00e4n yhteystiedot riikka(at)avenuebar.fi<\/p>\n\n\n\n<p>P\u00e4ivitetty 13.3.2024.<\/p>\n","protected":false},"excerpt":{"rendered":"<p>Keit\u00e4 olemme Verkkosivustomme osoite on: https:\/\/rockneck.fi. Rekisterinpit\u00e4j\u00e4 on RockNeck Oy, Y: 3411663-4, Asemakatu 7, 40100 Jyv\u00e4skyl\u00e4. Mit\u00e4 henkil\u00f6tietoa ker\u00e4\u00e4mme ja miksi Henkil\u00f6tietoja voimme ker\u00e4t\u00e4 yksityis- ja yhteis\u00f6asiakkailta asiakassuhteen hoitamiseen, tapahtumien j\u00e4rjest\u00e4miseen, markkinoinnin ja liiketoiminnan kehitt\u00e4miseen, v\u00e4\u00e4rink\u00e4yt\u00f6sten ehk\u00e4isyyn ja tutkimiseen sek\u00e4 muuhun toiminnan kannalta v\u00e4ltt\u00e4m\u00e4tt\u00f6m\u00e4\u00e4n tarkoitukseen tarvittavilta osin ja s\u00e4ilytt\u00e4\u00e4 tarvittavan ajan. Voimme ker\u00e4t\u00e4 tietoja: itse [&hellip;]<\/p>\n","protected":false},"author":1,"featured_media":0,"parent":0,"menu_order":0,"comment_status":"closed","ping_status":"open","template":"","meta":{"footnotes":""},"class_list":["post-3","page","type-page","status-publish","hentry"],"_links":{"self":[{"href":"https:\/\/rockneck.fi\/index.php\/wp-json\/wp\/v2\/pages\/3","targetHints":{"allow":["GET"]}}],"collection":[{"href":"https:\/\/rockneck.fi\/index.php\/wp-json\/wp\/v2\/pages"}],"about":[{"href":"https:\/\/rockneck.fi\/index.php\/wp-json\/wp\/v2\/types\/page"}],"author":[{"embeddable":true,"href":"https:\/\/rockneck.fi\/index.php\/wp-json\/wp\/v2\/users\/1"}],"replies":[{"embeddable":true,"href":"https:\/\/rockneck.fi\/index.php\/wp-json\/wp\/v2\/comments?post=3"}],"version-history":[{"count":1,"href":"https:\/\/rockneck.fi\/index.php\/wp-json\/wp\/v2\/pages\/3\/revisions"}],"predecessor-version":[{"id":40,"href":"https:\/\/rockneck.fi\/index.php\/wp-json\/wp\/v2\/pages\/3\/revisions\/40"}],"wp:attachment":[{"href":"https:\/\/rockneck.fi\/index.php\/wp-json\/wp\/v2\/media?parent=3"}],"curies":[{"name":"wp","href":"https:\/\/api.w.org\/{rel}","templated":true}]}}